{"id":1682,"date":"2023-04-04T03:06:09","date_gmt":"2023-04-04T03:06:09","guid":{"rendered":"https:\/\/agrolaboratorios.es\/politica-calidad-y-medio-ambiente\/"},"modified":"2025-05-13T09:26:07","modified_gmt":"2025-05-13T09:26:07","slug":"politica-calidad-y-medio-ambiente","status":"publish","type":"page","link":"https:\/\/agrolaboratorios.es\/fr\/politica-calidad-y-medio-ambiente\/","title":{"rendered":"Politique de qualit\u00e9 et d\u2019environnement"},"content":{"rendered":"\t\t<div data-elementor-type=\"wp-page\" data-elementor-id=\"1682\" class=\"elementor elementor-1682 elementor-234\" data-elementor-post-type=\"page\">\n\t\t\t\t\t\t<section class=\"elementor-section elementor-top-section elementor-element elementor-element-fd01193 elementor-section-boxed elementor-section-height-default elementor-section-height-default\" data-id=\"fd01193\" data-element_type=\"section\">\n\t\t\t\t\t\t<div class=\"elementor-container elementor-column-gap-default\">\n\t\t\t\t\t<div class=\"elementor-column elementor-col-100 elementor-top-column elementor-element elementor-element-8be0de9\" data-id=\"8be0de9\" data-element_type=\"column\">\n\t\t\t<div class=\"elementor-widget-wrap elementor-element-populated\">\n\t\t\t\t\t\t<section class=\"elementor-section elementor-inner-section elementor-element elementor-element-ffe7dd1 elementor-section-boxed elementor-section-height-default elementor-section-height-default\" data-id=\"ffe7dd1\" data-element_type=\"section\" data-settings=\"{&quot;background_background&quot;:&quot;classic&quot;}\">\n\t\t\t\t\t\t<div class=\"elementor-container elementor-column-gap-default\">\n\t\t\t\t\t<div class=\"elementor-column elementor-col-100 elementor-inner-column elementor-element elementor-element-3a4c5c9\" data-id=\"3a4c5c9\" data-element_type=\"column\">\n\t\t\t<div class=\"elementor-widget-wrap elementor-element-populated\">\n\t\t\t\t\t\t<div class=\"elementor-element elementor-element-7ac2b97 elementor-widget elementor-widget-text-editor\" data-id=\"7ac2b97\" data-element_type=\"widget\" data-widget_type=\"text-editor.default\">\n\t\t\t\t<div class=\"elementor-widget-container\">\n\t\t\t\t\t\t\t\t\t<p class=\"\" data-start=\"228\" data-end=\"568\">Chez <strong data-start=\"233\" data-end=\"273\">AGROLABORATORIOS NUTRICIONALES, S.A.<\/strong>, nous aspirons \u00e0 \u00eatre des leaders, en offrant un service int\u00e9gral aux agriculteurs et entrepreneurs agricoles, car nous sommes capables de fabriquer, commercialiser et exporter une large gamme de produits adapt\u00e9s aux besoins de nos clients, afin d&rsquo;assurer leur plus haut niveau de satisfaction.<\/p><p class=\"\" data-start=\"570\" data-end=\"1140\">Notre engagement envers nos clients s\u2019inscrit dans le cadre de la rentabilit\u00e9 de l\u2019agriculteur, du respect de l\u2019environnement et du respect des exigences l\u00e9gales applicables ainsi que d\u2019autres engagements souscrits par notre organisation, dans une optique d\u2019am\u00e9lioration continue, gr\u00e2ce aux efforts quotidiens, \u00e0 la volont\u00e9 de d\u00e9passement et \u00e0 l&rsquo;efficacit\u00e9 professionnelle de notre \u00e9quipe humaine, qui, depuis diff\u00e9rents domaines, travaille \u00e0 l\u2019\u00e9laboration de produits bas\u00e9s sur la rigueur scientifique, la connaissance et l\u2019utilisation des techniques les plus avanc\u00e9es.<\/p><p class=\"\" data-start=\"1142\" data-end=\"1334\">Notre vocation est internationale, tant par nos relations avec des professionnels et centres de recherche \u00e9trangers que par les relations avec des clients d&rsquo;autres pays, pleinement satisfaits.<\/p><p class=\"\" data-start=\"1336\" data-end=\"1507\">Le travail en \u00e9quipe, la communication, l\u2019innovation et l\u2019am\u00e9lioration continue sont des \u00e9l\u00e9ments de notre culture qui nous permettent d\u2019atteindre les objectifs suivants :<\/p><ul data-start=\"1509\" data-end=\"2724\"><li class=\"\" data-start=\"1509\" data-end=\"1634\"><p class=\"\" data-start=\"1511\" data-end=\"1634\">Fournir \u00e0 nos agriculteurs la meilleure qualit\u00e9 en mati\u00e8re de nutrition et de soins de leurs cultures, selon leurs besoins.<\/p><\/li><li class=\"\" data-start=\"1635\" data-end=\"1854\"><p class=\"\" data-start=\"1637\" data-end=\"1854\">Mettre \u00e0 disposition les ressources et dispenser des formations techniques et sur les nouveaut\u00e9s \u00e0 nos professionnels, afin d\u2019am\u00e9liorer les performances de nos produits, en d\u00e9veloppant les bonnes pratiques de qualit\u00e9.<\/p><\/li><li class=\"\" data-start=\"1855\" data-end=\"1984\"><p class=\"\" data-start=\"1857\" data-end=\"1984\">Rechercher et innover, gr\u00e2ce \u00e0 des accords avec des universit\u00e9s et des entreprises priv\u00e9es, tant nationales qu\u2019internationales.<\/p><\/li><li class=\"\" data-start=\"1985\" data-end=\"2049\"><p class=\"\" data-start=\"1987\" data-end=\"2049\">\u00c9tablir des crit\u00e8res de s\u00e9curit\u00e9 et de fiabilit\u00e9 des produits.<\/p><\/li><li class=\"\" data-start=\"2050\" data-end=\"2256\"><p class=\"\" data-start=\"2052\" data-end=\"2256\">Produire nos produits avec un engagement ferme de <strong data-start=\"2102\" data-end=\"2132\">pr\u00e9vention de la pollution<\/strong> g\u00e9n\u00e9r\u00e9e par nos aspects environnementaux les plus significatifs, en minimisant la consommation et la production de d\u00e9chets.<\/p><\/li><li class=\"\" data-start=\"2257\" data-end=\"2501\"><p class=\"\" data-start=\"2259\" data-end=\"2501\">Garantir la <strong data-start=\"2271\" data-end=\"2303\">s\u00e9curit\u00e9 de nos travailleurs<\/strong>, en pr\u00e9venant les risques professionnels, en planifiant les actions pr\u00e9ventives dans toutes les activit\u00e9s ayant une incidence potentielle sur la s\u00e9curit\u00e9, la sant\u00e9 ou le bien-\u00eatre des travailleurs.<\/p><\/li><li class=\"\" data-start=\"2502\" data-end=\"2724\"><p class=\"\" data-start=\"2504\" data-end=\"2724\">Respecter toutes les exigences l\u00e9gales applicables ainsi que tout autre engagement souscrit par l&rsquo;organisation. Pour cela, nous nous engageons \u00e0 effectuer des v\u00e9rifications p\u00e9riodiques du respect des obligations l\u00e9gales.<\/p><\/li><\/ul><p class=\"\" data-start=\"2726\" data-end=\"3080\">Notre am\u00e9lioration continue d\u00e9coule non seulement de l\u2019activit\u00e9 propre de nos professionnels, mais surtout des observations et suggestions de nos agriculteurs et collaborateurs concernant les aspects d\u2019application, de qualit\u00e9 et d\u2019am\u00e9lioration, qui nous poussent \u00e0 nous surpasser dans l\u2019effort de fournir les produits les meilleurs et les plus efficaces.<\/p><p class=\"\" data-start=\"3082\" data-end=\"3125\"><strong data-start=\"3082\" data-end=\"3108\">Sign\u00e9 : Rub\u00e9n Men\u00e9ndez<\/strong><br data-start=\"3108\" data-end=\"3111\" \/><strong data-start=\"3111\" data-end=\"3125\">02\/03\/2017<\/strong><\/p><hr class=\"\" data-start=\"3127\" data-end=\"3130\" \/><p class=\"\" data-start=\"3132\" data-end=\"3472\">Chez <strong data-start=\"3137\" data-end=\"3177\">AGROLABORATORIOS NUTRICIONALES, S.A.<\/strong>, nous aspirons \u00e0 \u00eatre des leaders, en offrant un service int\u00e9gral aux agriculteurs et entrepreneurs agricoles, car nous sommes capables de fabriquer, commercialiser et exporter une large gamme de produits adapt\u00e9s aux besoins de nos clients, afin d&rsquo;assurer leur plus haut niveau de satisfaction.<\/p><p class=\"\" data-start=\"3474\" data-end=\"4095\">Notre engagement envers nos clients s\u2019inscrit dans le cadre de la rentabilit\u00e9 de l\u2019agriculteur, du respect de l\u2019environnement, du respect des exigences l\u00e9gales applicables et des autres engagements souscrits par notre organisation, de la <strong data-start=\"3712\" data-end=\"3744\">s\u00e9curit\u00e9 et sant\u00e9 au travail<\/strong>, et de <strong data-start=\"3752\" data-end=\"3804\">l\u2019am\u00e9lioration continue de notre syst\u00e8me int\u00e9gr\u00e9<\/strong>, gr\u00e2ce aux efforts quotidiens, \u00e0 la volont\u00e9 de d\u00e9passement et \u00e0 l&rsquo;efficacit\u00e9 professionnelle de notre \u00e9quipe humaine, qui, depuis diff\u00e9rents domaines, travaille \u00e0 l\u2019\u00e9laboration de produits bas\u00e9s sur la rigueur scientifique, la connaissance et l\u2019utilisation des techniques les plus avanc\u00e9es.<\/p><p class=\"\" data-start=\"4097\" data-end=\"4289\">Notre vocation est internationale, tant par nos relations avec des professionnels et centres de recherche \u00e9trangers que par les relations avec des clients d&rsquo;autres pays, pleinement satisfaits.<\/p><p class=\"\" data-start=\"4291\" data-end=\"4462\">Le travail en \u00e9quipe, la communication, l\u2019innovation et l\u2019am\u00e9lioration continue sont des \u00e9l\u00e9ments de notre culture qui nous permettent d\u2019atteindre les objectifs suivants :<\/p><ul data-start=\"4464\" data-end=\"6177\"><li class=\"\" data-start=\"4464\" data-end=\"4591\"><p class=\"\" data-start=\"4466\" data-end=\"4591\">Fournir \u00e0 nos agriculteurs la meilleure qualit\u00e9 en mati\u00e8re de nutrition et de soins de leurs cultures, selon leurs besoins.<\/p><\/li><li class=\"\" data-start=\"4592\" data-end=\"4813\"><p class=\"\" data-start=\"4594\" data-end=\"4813\">Mettre \u00e0 disposition les ressources et dispenser des formations techniques et sur les nouveaut\u00e9s \u00e0 nos professionnels, afin d\u2019am\u00e9liorer les performances de nos produits, en d\u00e9veloppant les bonnes pratiques de qualit\u00e9.<\/p><\/li><li class=\"\" data-start=\"4814\" data-end=\"5312\"><p class=\"\" data-start=\"4816\" data-end=\"5312\"><strong data-start=\"4816\" data-end=\"4860\">Garantir la s\u00e9curit\u00e9 de nos travailleurs<\/strong>, en fournissant des conditions de travail s\u00fbres et saines pour pr\u00e9venir les blessures et la d\u00e9t\u00e9rioration de la sant\u00e9 li\u00e9es au travail, gr\u00e2ce \u00e0 la pr\u00e9vention des risques professionnels et \u00e0 la planification des actions pr\u00e9ventives dans toutes les activit\u00e9s ayant une incidence potentielle sur la s\u00e9curit\u00e9, la sant\u00e9 ou le bien-\u00eatre des travailleurs, dans le but d\u2019\u00e9liminer les dangers et de r\u00e9duire les risques li\u00e9s \u00e0 la sant\u00e9 et s\u00e9curit\u00e9 au travail.<\/p><\/li><li class=\"\" data-start=\"5313\" data-end=\"5542\"><p class=\"\" data-start=\"5315\" data-end=\"5542\">Assurer une <strong data-start=\"5327\" data-end=\"5375\">communication et une information appropri\u00e9es<\/strong> \u00e0 nos travailleurs, ainsi que leur <strong data-start=\"5411\" data-end=\"5444\">participation et consultation<\/strong> dans le domaine de la s\u00e9curit\u00e9 et de la sant\u00e9 au travail, ainsi que dans la gestion du syst\u00e8me.<\/p><\/li><li class=\"\" data-start=\"5543\" data-end=\"5674\"><p class=\"\" data-start=\"5545\" data-end=\"5674\">Rechercher et innover, gr\u00e2ce \u00e0 des accords avec des universit\u00e9s et des entreprises priv\u00e9es, tant nationales qu\u2019internationales.<\/p><\/li><li class=\"\" data-start=\"5675\" data-end=\"5741\"><p class=\"\" data-start=\"5677\" data-end=\"5741\">\u00c9tablir des crit\u00e8res de s\u00e9curit\u00e9 et de fiabilit\u00e9 des produits.<\/p><\/li><li class=\"\" data-start=\"5742\" data-end=\"5950\"><p class=\"\" data-start=\"5744\" data-end=\"5950\">Produire nos produits avec un engagement ferme de <strong data-start=\"5794\" data-end=\"5824\">pr\u00e9vention de la pollution<\/strong> g\u00e9n\u00e9r\u00e9e par nos aspects environnementaux les plus significatifs, en minimisant la consommation et la production de d\u00e9chets.<\/p><\/li><li class=\"\" data-start=\"5951\" data-end=\"6177\"><p class=\"\" data-start=\"5953\" data-end=\"6177\">Respecter toutes les exigences l\u00e9gales applicables ainsi que tout autre engagement souscrit par l&rsquo;organisation. Pour cela, nous nous engageons \u00e0 effectuer des <strong data-start=\"6112\" data-end=\"6176\">v\u00e9rifications p\u00e9riodiques du respect des obligations l\u00e9gales<\/strong>.<\/p><\/li><\/ul><p class=\"\" data-start=\"6179\" data-end=\"6533\">Notre am\u00e9lioration continue d\u00e9coule non seulement de l\u2019activit\u00e9 propre de nos professionnels, mais surtout des observations et suggestions de nos agriculteurs et collaborateurs concernant les aspects d\u2019application, de qualit\u00e9 et d\u2019am\u00e9lioration, qui nous poussent \u00e0 nous surpasser dans l\u2019effort de fournir les produits les meilleurs et les plus efficaces.<\/p><p class=\"\" data-start=\"6535\" data-end=\"6578\"><strong data-start=\"6535\" data-end=\"6561\">Sign\u00e9 : Rub\u00e9n Men\u00e9ndez<\/strong><br data-start=\"6561\" data-end=\"6564\" \/><strong data-start=\"6564\" data-end=\"6578\">23\/04\/2020<\/strong><\/p>\t\t\t\t\t\t\t\t<\/div>\n\t\t\t\t<\/div>\n\t\t\t\t\t<\/div>\n\t\t<\/div>\n\t\t\t\t\t<\/div>\n\t\t<\/section>\n\t\t\t\t<div class=\"elementor-element elementor-element-fed9837 elementor-widget elementor-widget-spacer\" data-id=\"fed9837\" data-element_type=\"widget\" data-widget_type=\"spacer.default\">\n\t\t\t\t<div class=\"elementor-widget-container\">\n\t\t\t\t\t\t\t<div class=\"elementor-spacer\">\n\t\t\t<div class=\"elementor-spacer-inner\"><\/div>\n\t\t<\/div>\n\t\t\t\t\t\t<\/div>\n\t\t\t\t<\/div>\n\t\t\t\t\t<\/div>\n\t\t<\/div>\n\t\t\t\t\t<\/div>\n\t\t<\/section>\n\t\t\t\t<\/div>\n\t\t","protected":false},"excerpt":{"rendered":"<p> [&hellip;]<\/p>\n","protected":false},"author":1,"featured_media":0,"parent":0,"menu_order":0,"comment_status":"closed","ping_status":"closed","template":"elementor_header_footer","meta":{"_acf_changed":false,"site-sidebar-layout":"no-sidebar","site-content-layout":"page-builder","ast-site-content-layout":"","site-content-style":"default","site-sidebar-style":"default","ast-global-header-display":"","ast-banner-title-visibility":"","ast-main-header-display":"","ast-hfb-above-header-display":"","ast-hfb-below-header-display":"","ast-hfb-mobile-header-display":"","site-post-title":"disabled","ast-breadcrumbs-content":"","ast-featured-img":"disabled","footer-sml-layout":"","theme-transparent-header-meta":"default","adv-header-id-meta":"","stick-header-meta":"","header-above-stick-meta":"","header-main-stick-meta":"","header-below-stick-meta":"","astra-migrate-meta-layouts":"set","ast-page-background-enabled":"default","ast-page-background-meta":{"desktop":{"background-color":"var(--ast-global-color-4)","background-image":"","background-repeat":"repeat","background-position":"center center","background-size":"auto","background-attachment":"scroll","background-type":"","background-media":"","overlay-type":"","overlay-color":"","overlay-opacity":"","overlay-gradient":""},"tablet":{"background-color":"","background-image":"","background-repeat":"repeat","background-position":"center center","background-size":"auto","background-attachment":"scroll","background-type":"","background-media":"","overlay-type":"","overlay-color":"","overlay-opacity":"","overlay-gradient":""},"mobile":{"background-color":"","background-image":"","background-repeat":"repeat","background-position":"center center","background-size":"auto","background-attachment":"scroll","background-type":"","background-media":"","overlay-type":"","overlay-color":"","overlay-opacity":"","overlay-gradient":""}},"ast-content-background-meta":{"desktop":{"background-color":"var(--ast-global-color-5)","background-image":"","background-repeat":"repeat","background-position":"center center","background-size":"auto","background-attachment":"scroll","background-type":"","background-media":"","overlay-type":"","overlay-color":"","overlay-opacity":"","overlay-gradient":""},"tablet":{"background-color":"var(--ast-global-color-5)","background-image":"","background-repeat":"repeat","background-position":"center center","background-size":"auto","background-attachment":"scroll","background-type":"","background-media":"","overlay-type":"","overlay-color":"","overlay-opacity":"","overlay-gradient":""},"mobile":{"background-color":"var(--ast-global-color-5)","background-image":"","background-repeat":"repeat","background-position":"center center","background-size":"auto","background-attachment":"scroll","background-type":"","background-media":"","overlay-type":"","overlay-color":"","overlay-opacity":"","overlay-gradient":""}},"footnotes":""},"class_list":["post-1682","page","type-page","status-publish","hentry"],"acf":[],"yoast_head":"<!-- This site is optimized with the Yoast SEO plugin v23.4 - https:\/\/yoast.com\/wordpress\/plugins\/seo\/ -->\n<title>Politique de qualit\u00e9 et d\u2019environnement - Agrolaboratorios Nutricionales<\/title>\n<meta name=\"robots\" content=\"index, follow, max-snippet:-1, max-image-preview:large, max-video-preview:-1\" \/>\n<link rel=\"canonical\" href=\"https:\/\/agrolaboratorios.es\/fr\/politica-calidad-y-medio-ambiente\/\" \/>\n<meta property=\"og:locale\" content=\"fr_FR\" \/>\n<meta property=\"og:type\" content=\"article\" \/>\n<meta property=\"og:title\" content=\"Politique de qualit\u00e9 et d\u2019environnement - Agrolaboratorios Nutricionales\" \/>\n<meta property=\"og:description\" content=\"[&hellip;]\" \/>\n<meta property=\"og:url\" content=\"https:\/\/agrolaboratorios.es\/fr\/politica-calidad-y-medio-ambiente\/\" \/>\n<meta property=\"og:site_name\" content=\"Agrolaboratorios Nutricionales\" \/>\n<meta property=\"article:modified_time\" content=\"2025-05-13T09:26:07+00:00\" \/>\n<meta name=\"twitter:card\" content=\"summary_large_image\" \/>\n<meta name=\"twitter:label1\" content=\"Dur\u00e9e de lecture estim\u00e9e\" \/>\n\t<meta name=\"twitter:data1\" content=\"5 minutes\" \/>\n<script type=\"application\/ld+json\" class=\"yoast-schema-graph\">{\"@context\":\"https:\/\/schema.org\",\"@graph\":[{\"@type\":\"WebPage\",\"@id\":\"https:\/\/agrolaboratorios.es\/fr\/politica-calidad-y-medio-ambiente\/\",\"url\":\"https:\/\/agrolaboratorios.es\/fr\/politica-calidad-y-medio-ambiente\/\",\"name\":\"Politique de qualit\u00e9 et d\u2019environnement - Agrolaboratorios Nutricionales\",\"isPartOf\":{\"@id\":\"https:\/\/agrolaboratorios.es\/fr\/#website\"},\"datePublished\":\"2023-04-04T03:06:09+00:00\",\"dateModified\":\"2025-05-13T09:26:07+00:00\",\"breadcrumb\":{\"@id\":\"https:\/\/agrolaboratorios.es\/fr\/politica-calidad-y-medio-ambiente\/#breadcrumb\"},\"inLanguage\":\"fr-FR\",\"potentialAction\":[{\"@type\":\"ReadAction\",\"target\":[\"https:\/\/agrolaboratorios.es\/fr\/politica-calidad-y-medio-ambiente\/\"]}]},{\"@type\":\"BreadcrumbList\",\"@id\":\"https:\/\/agrolaboratorios.es\/fr\/politica-calidad-y-medio-ambiente\/#breadcrumb\",\"itemListElement\":[{\"@type\":\"ListItem\",\"position\":1,\"name\":\"Inicio\",\"item\":\"https:\/\/agrolaboratorios.es\/fr\/\"},{\"@type\":\"ListItem\",\"position\":2,\"name\":\"Politique de qualit\u00e9 et d\u2019environnement\"}]},{\"@type\":\"WebSite\",\"@id\":\"https:\/\/agrolaboratorios.es\/fr\/#website\",\"url\":\"https:\/\/agrolaboratorios.es\/fr\/\",\"name\":\"Agrolaboratorios Nutricionales\",\"description\":\"\",\"potentialAction\":[{\"@type\":\"SearchAction\",\"target\":{\"@type\":\"EntryPoint\",\"urlTemplate\":\"https:\/\/agrolaboratorios.es\/fr\/?s={search_term_string}\"},\"query-input\":{\"@type\":\"PropertyValueSpecification\",\"valueRequired\":true,\"valueName\":\"search_term_string\"}}],\"inLanguage\":\"fr-FR\"}]}<\/script>\n<!-- \/ Yoast SEO plugin. -->","yoast_head_json":{"title":"Politique de qualit\u00e9 et d\u2019environnement - Agrolaboratorios Nutricionales","robots":{"index":"index","follow":"follow","max-snippet":"max-snippet:-1","max-image-preview":"max-image-preview:large","max-video-preview":"max-video-preview:-1"},"canonical":"https:\/\/agrolaboratorios.es\/fr\/politica-calidad-y-medio-ambiente\/","og_locale":"fr_FR","og_type":"article","og_title":"Politique de qualit\u00e9 et d\u2019environnement - Agrolaboratorios Nutricionales","og_description":"[&hellip;]","og_url":"https:\/\/agrolaboratorios.es\/fr\/politica-calidad-y-medio-ambiente\/","og_site_name":"Agrolaboratorios Nutricionales","article_modified_time":"2025-05-13T09:26:07+00:00","twitter_card":"summary_large_image","twitter_misc":{"Dur\u00e9e de lecture estim\u00e9e":"5 minutes"},"schema":{"@context":"https:\/\/schema.org","@graph":[{"@type":"WebPage","@id":"https:\/\/agrolaboratorios.es\/fr\/politica-calidad-y-medio-ambiente\/","url":"https:\/\/agrolaboratorios.es\/fr\/politica-calidad-y-medio-ambiente\/","name":"Politique de qualit\u00e9 et d\u2019environnement - Agrolaboratorios Nutricionales","isPartOf":{"@id":"https:\/\/agrolaboratorios.es\/fr\/#website"},"datePublished":"2023-04-04T03:06:09+00:00","dateModified":"2025-05-13T09:26:07+00:00","breadcrumb":{"@id":"https:\/\/agrolaboratorios.es\/fr\/politica-calidad-y-medio-ambiente\/#breadcrumb"},"inLanguage":"fr-FR","potentialAction":[{"@type":"ReadAction","target":["https:\/\/agrolaboratorios.es\/fr\/politica-calidad-y-medio-ambiente\/"]}]},{"@type":"BreadcrumbList","@id":"https:\/\/agrolaboratorios.es\/fr\/politica-calidad-y-medio-ambiente\/#breadcrumb","itemListElement":[{"@type":"ListItem","position":1,"name":"Inicio","item":"https:\/\/agrolaboratorios.es\/fr\/"},{"@type":"ListItem","position":2,"name":"Politique de qualit\u00e9 et d\u2019environnement"}]},{"@type":"WebSite","@id":"https:\/\/agrolaboratorios.es\/fr\/#website","url":"https:\/\/agrolaboratorios.es\/fr\/","name":"Agrolaboratorios Nutricionales","description":"","potentialAction":[{"@type":"SearchAction","target":{"@type":"EntryPoint","urlTemplate":"https:\/\/agrolaboratorios.es\/fr\/?s={search_term_string}"},"query-input":{"@type":"PropertyValueSpecification","valueRequired":true,"valueName":"search_term_string"}}],"inLanguage":"fr-FR"}]}},"_links":{"self":[{"href":"https:\/\/agrolaboratorios.es\/fr\/wp-json\/wp\/v2\/pages\/1682","targetHints":{"allow":["GET"]}}],"collection":[{"href":"https:\/\/agrolaboratorios.es\/fr\/wp-json\/wp\/v2\/pages"}],"about":[{"href":"https:\/\/agrolaboratorios.es\/fr\/wp-json\/wp\/v2\/types\/page"}],"author":[{"embeddable":true,"href":"https:\/\/agrolaboratorios.es\/fr\/wp-json\/wp\/v2\/users\/1"}],"replies":[{"embeddable":true,"href":"https:\/\/agrolaboratorios.es\/fr\/wp-json\/wp\/v2\/comments?post=1682"}],"version-history":[{"count":4,"href":"https:\/\/agrolaboratorios.es\/fr\/wp-json\/wp\/v2\/pages\/1682\/revisions"}],"predecessor-version":[{"id":1705,"href":"https:\/\/agrolaboratorios.es\/fr\/wp-json\/wp\/v2\/pages\/1682\/revisions\/1705"}],"wp:attachment":[{"href":"https:\/\/agrolaboratorios.es\/fr\/wp-json\/wp\/v2\/media?parent=1682"}],"curies":[{"name":"wp","href":"https:\/\/api.w.org\/{rel}","templated":true}]}}